{"id":710,"date":"2019-02-01T09:29:59","date_gmt":"2019-02-01T09:29:59","guid":{"rendered":"http:\/\/katharinaweishaupt.de\/?page_id=710"},"modified":"2019-10-13T10:18:00","modified_gmt":"2019-10-13T10:18:00","slug":"theater-werkstatt-aachen","status":"publish","type":"page","link":"http:\/\/katharinaweishaupt.de\/?page_id=710","title":{"rendered":"Theater Werkstatt Aachen"},"content":{"rendered":"\n<p>N\u00e4chster Termin: 27.11.2019, 18:00 Uhr, Ludwigforum Aachen: <br><strong>Bretter und Licht<\/strong>, das inklusive Netzwerk Theaterschaffender, stellt sich vor&#8230;..<\/p>\n\n\n\n<p><strong>Die THEATER Werkstatt Aachen am Schauspiel K\u00f6ln<\/strong>!<\/p>\n\n\n\n<figure class=\"wp-block-video\"><video controls src=\"http:\/\/katharinaweishaupt.de\/wp-content\/uploads\/2019\/07\/Workshop_Koeln_kurz.mp4\"><\/video><\/figure>\n\n\n\n<p>Die Mitglieder der THEATER\nWerkstatt Aachen waren im Fr\u00fchjahr zu Gast am Schauspiel K\u00f6ln, wo sie sich zu\neinem k\u00fcnstlerischen Austausch mit Ensemblemitgliedern trafen. Der Workshop war\nTeil des <em>Qualifizierungsprogramms Schauspiel<\/em>, das seit diesem Jahr in\nder THEATER Werkstatt Aachen l\u00e4uft. <\/p>\n\n\n\n<p>Was ist die THEATER Werkstatt?\n<\/p>\n\n\n\n<p>Die THEATER Werkstatt ist Teil der Lebenshilfe Werkst\u00e4tten GmbH in Aachen, einer Werkstatt f\u00fcr Menschen mit Behinderung. In der THEATER Werkstatt spielen K\u00fcnstler*innen mit schauspielerischer Begabung Theater &#8211; w\u00e4hrend ihrer Arbeitszeit und unter Anleitung von Profis aus dem 1. Arbeitsmarkt. So entsteht eine Inszenierung pro Jahr, zuletzt <em>Arbeiten darf, wer an sich arbeitet<\/em>, Regie: Katharina Weishaupt, Premiere im Oktober 2018. <\/p>\n\n\n\n<figure class=\"wp-block-video\"><video controls src=\"http:\/\/katharinaweishaupt.de\/wp-content\/uploads\/2019\/08\/arbeitendarf4min.mp4\"><\/video><\/figure>\n\n\n\n<p>Gleichzeitig lassen sich die\nK\u00fcnstler*innen innerhalb des <em>Qualifizierungsprogramms Schauspiel<\/em>\nhandwerklich f\u00fcr den 1.Arbeitsmarkt ausbilden. Das passiert auch in Kooperation\nmit externen Kulturpartnern, wie z.B. dem Schauspiel K\u00f6ln. Ziel des Programms ist die\nprofessionelle Mitgestaltung des k\u00fcnstlerischen Arbeitsmarktes durch ausgebildete\nSchauspieler*innen mit Behinderung.<\/p>\n\n\n\n<p>Die k\u00fcnstlerischen Leiter der THEATER Werkstatt sind Katharina Weishaupt und Friedhelm Hogen. <\/p>\n\n\n\n<hr class=\"wp-block-separator is-style-wide\"\/>\n\n\n<h6><strong>&#8222;Arbeiten darf, wer an sich arbeitet&#8220; von Anja Warkotsch,<br>THEATER Werkstatt Aachen 2018<\/strong><\/h6>\n<div id='gallery-1' class='gallery galleryid-710 gallery-columns-3 gallery-size-thumbnail'><figure class='gallery-item'>\n\t\t\t<div class='gallery-icon portrait'>\n\t\t\t\t<a href='http:\/\/katharinaweishaupt.de\/wp-content\/uploads\/2019\/01\/IMG_3822.jpg'><img width=\"150\" height=\"150\" src=\"http:\/\/katharinaweishaupt.de\/wp-content\/uploads\/2019\/01\/IMG_3822-150x150.jpg\" class=\"attachment-thumbnail size-thumbnail\" alt=\"\" decoding=\"async\" loading=\"lazy\" itemprop=\"image\" \/><\/a>\n\t\t\t<\/div><\/figure><figure class='gallery-item'>\n\t\t\t<div class='gallery-icon portrait'>\n\t\t\t\t<a href='http:\/\/katharinaweishaupt.de\/wp-content\/uploads\/2019\/01\/IMG_3528.jpg'><img width=\"150\" height=\"150\" src=\"http:\/\/katharinaweishaupt.de\/wp-content\/uploads\/2019\/01\/IMG_3528-150x150.jpg\" class=\"attachment-thumbnail size-thumbnail\" alt=\"\" decoding=\"async\" loading=\"lazy\" itemprop=\"image\" \/><\/a>\n\t\t\t<\/div><\/figure><figure class='gallery-item'>\n\t\t\t<div class='gallery-icon portrait'>\n\t\t\t\t<a href='http:\/\/katharinaweishaupt.de\/wp-content\/uploads\/2019\/01\/IMG_3761.jpg'><img width=\"150\" height=\"150\" src=\"http:\/\/katharinaweishaupt.de\/wp-content\/uploads\/2019\/01\/IMG_3761-150x150.jpg\" class=\"attachment-thumbnail size-thumbnail\" alt=\"\" decoding=\"async\" loading=\"lazy\" itemprop=\"image\" \/><\/a>\n\t\t\t<\/div><\/figure><figure class='gallery-item'>\n\t\t\t<div class='gallery-icon portrait'>\n\t\t\t\t<a href='http:\/\/katharinaweishaupt.de\/wp-content\/uploads\/2019\/01\/IMG_3518.jpg'><img width=\"150\" height=\"150\" src=\"http:\/\/katharinaweishaupt.de\/wp-content\/uploads\/2019\/01\/IMG_3518-150x150.jpg\" class=\"attachment-thumbnail size-thumbnail\" alt=\"\" decoding=\"async\" loading=\"lazy\" itemprop=\"image\" \/><\/a>\n\t\t\t<\/div><\/figure><figure class='gallery-item'>\n\t\t\t<div class='gallery-icon portrait'>\n\t\t\t\t<a href='http:\/\/katharinaweishaupt.de\/wp-content\/uploads\/2019\/01\/IMG_3509.jpg'><img width=\"150\" height=\"150\" src=\"http:\/\/katharinaweishaupt.de\/wp-content\/uploads\/2019\/01\/IMG_3509-150x150.jpg\" class=\"attachment-thumbnail size-thumbnail\" alt=\"\" decoding=\"async\" loading=\"lazy\" itemprop=\"image\" \/><\/a>\n\t\t\t<\/div><\/figure><figure class='gallery-item'>\n\t\t\t<div class='gallery-icon portrait'>\n\t\t\t\t<a href='http:\/\/katharinaweishaupt.de\/wp-content\/uploads\/2019\/01\/IMG_3523.jpg'><img width=\"150\" height=\"150\" src=\"http:\/\/katharinaweishaupt.de\/wp-content\/uploads\/2019\/01\/IMG_3523-150x150.jpg\" class=\"attachment-thumbnail size-thumbnail\" alt=\"\" decoding=\"async\" loading=\"lazy\" itemprop=\"image\" \/><\/a>\n\t\t\t<\/div><\/figure><figure class='gallery-item'>\n\t\t\t<div class='gallery-icon portrait'>\n\t\t\t\t<a href='http:\/\/katharinaweishaupt.de\/wp-content\/uploads\/2019\/01\/IMG_3454.jpg'><img width=\"150\" height=\"150\" src=\"http:\/\/katharinaweishaupt.de\/wp-content\/uploads\/2019\/01\/IMG_3454-150x150.jpg\" class=\"attachment-thumbnail size-thumbnail\" alt=\"\" decoding=\"async\" loading=\"lazy\" itemprop=\"image\" \/><\/a>\n\t\t\t<\/div><\/figure><figure class='gallery-item'>\n\t\t\t<div class='gallery-icon portrait'>\n\t\t\t\t<a href='http:\/\/katharinaweishaupt.de\/wp-content\/uploads\/2019\/01\/IMG_3471.jpg'><img width=\"150\" height=\"150\" src=\"http:\/\/katharinaweishaupt.de\/wp-content\/uploads\/2019\/01\/IMG_3471-150x150.jpg\" class=\"attachment-thumbnail size-thumbnail\" alt=\"\" decoding=\"async\" loading=\"lazy\" itemprop=\"image\" \/><\/a>\n\t\t\t<\/div><\/figure><figure class='gallery-item'>\n\t\t\t<div class='gallery-icon portrait'>\n\t\t\t\t<a href='http:\/\/katharinaweishaupt.de\/wp-content\/uploads\/2019\/01\/IMG_3410.jpg'><img width=\"150\" height=\"150\" src=\"http:\/\/katharinaweishaupt.de\/wp-content\/uploads\/2019\/01\/IMG_3410-150x150.jpg\" class=\"attachment-thumbnail size-thumbnail\" alt=\"\" decoding=\"async\" loading=\"lazy\" itemprop=\"image\" \/><\/a>\n\t\t\t<\/div><\/figure><figure class='gallery-item'>\n\t\t\t<div class='gallery-icon portrait'>\n\t\t\t\t<a href='http:\/\/katharinaweishaupt.de\/wp-content\/uploads\/2019\/01\/IMG_3829.jpg'><img width=\"150\" height=\"150\" src=\"http:\/\/katharinaweishaupt.de\/wp-content\/uploads\/2019\/01\/IMG_3829-150x150.jpg\" class=\"attachment-thumbnail size-thumbnail\" alt=\"\" decoding=\"async\" loading=\"lazy\" itemprop=\"image\" \/><\/a>\n\t\t\t<\/div><\/figure><figure class='gallery-item'>\n\t\t\t<div class='gallery-icon portrait'>\n\t\t\t\t<a href='http:\/\/katharinaweishaupt.de\/wp-content\/uploads\/2019\/01\/IMG_3423.jpg'><img width=\"150\" height=\"150\" src=\"http:\/\/katharinaweishaupt.de\/wp-content\/uploads\/2019\/01\/IMG_3423-150x150.jpg\" class=\"attachment-thumbnail size-thumbnail\" alt=\"\" decoding=\"async\" loading=\"lazy\" itemprop=\"image\" \/><\/a>\n\t\t\t<\/div><\/figure><figure class='gallery-item'>\n\t\t\t<div class='gallery-icon portrait'>\n\t\t\t\t<a href='http:\/\/katharinaweishaupt.de\/wp-content\/uploads\/2019\/01\/IMG_3440.jpg'><img width=\"150\" height=\"150\" src=\"http:\/\/katharinaweishaupt.de\/wp-content\/uploads\/2019\/01\/IMG_3440-150x150.jpg\" class=\"attachment-thumbnail size-thumbnail\" alt=\"\" decoding=\"async\" loading=\"lazy\" itemprop=\"image\" \/><\/a>\n\t\t\t<\/div><\/figure><figure class='gallery-item'>\n\t\t\t<div class='gallery-icon portrait'>\n\t\t\t\t<a href='http:\/\/katharinaweishaupt.de\/wp-content\/uploads\/2019\/01\/IMG_3352.jpg'><img width=\"150\" height=\"150\" src=\"http:\/\/katharinaweishaupt.de\/wp-content\/uploads\/2019\/01\/IMG_3352-150x150.jpg\" class=\"attachment-thumbnail size-thumbnail\" alt=\"\" decoding=\"async\" loading=\"lazy\" itemprop=\"image\" \/><\/a>\n\t\t\t<\/div><\/figure><figure class='gallery-item'>\n\t\t\t<div class='gallery-icon portrait'>\n\t\t\t\t<a href='http:\/\/katharinaweishaupt.de\/wp-content\/uploads\/2019\/01\/IMG_3291.jpg'><img width=\"150\" height=\"150\" src=\"http:\/\/katharinaweishaupt.de\/wp-content\/uploads\/2019\/01\/IMG_3291-150x150.jpg\" class=\"attachment-thumbnail size-thumbnail\" alt=\"\" decoding=\"async\" loading=\"lazy\" itemprop=\"image\" \/><\/a>\n\t\t\t<\/div><\/figure><figure class='gallery-item'>\n\t\t\t<div class='gallery-icon portrait'>\n\t\t\t\t<a href='http:\/\/katharinaweishaupt.de\/wp-content\/uploads\/2019\/01\/IMG_3330.jpg'><img width=\"150\" height=\"150\" src=\"http:\/\/katharinaweishaupt.de\/wp-content\/uploads\/2019\/01\/IMG_3330-150x150.jpg\" class=\"attachment-thumbnail size-thumbnail\" alt=\"\" decoding=\"async\" loading=\"lazy\" itemprop=\"image\" \/><\/a>\n\t\t\t<\/div><\/figure><figure class='gallery-item'>\n\t\t\t<div class='gallery-icon landscape'>\n\t\t\t\t<a href='http:\/\/katharinaweishaupt.de\/wp-content\/uploads\/2019\/01\/IMG_3266.jpg'><img width=\"150\" height=\"150\" src=\"http:\/\/katharinaweishaupt.de\/wp-content\/uploads\/2019\/01\/IMG_3266-150x150.jpg\" class=\"attachment-thumbnail size-thumbnail\" alt=\"\" decoding=\"async\" loading=\"lazy\" itemprop=\"image\" \/><\/a>\n\t\t\t<\/div><\/figure><figure class='gallery-item'>\n\t\t\t<div class='gallery-icon portrait'>\n\t\t\t\t<a href='http:\/\/katharinaweishaupt.de\/wp-content\/uploads\/2019\/01\/IMG_3248.jpg'><img width=\"150\" height=\"150\" src=\"http:\/\/katharinaweishaupt.de\/wp-content\/uploads\/2019\/01\/IMG_3248-150x150.jpg\" class=\"attachment-thumbnail size-thumbnail\" alt=\"\" decoding=\"async\" loading=\"lazy\" itemprop=\"image\" \/><\/a>\n\t\t\t<\/div><\/figure><figure class='gallery-item'>\n\t\t\t<div class='gallery-icon portrait'>\n\t\t\t\t<a href='http:\/\/katharinaweishaupt.de\/wp-content\/uploads\/2019\/01\/IMG_3157.jpg'><img width=\"150\" height=\"150\" src=\"http:\/\/katharinaweishaupt.de\/wp-content\/uploads\/2019\/01\/IMG_3157-150x150.jpg\" class=\"attachment-thumbnail size-thumbnail\" alt=\"\" decoding=\"async\" loading=\"lazy\" itemprop=\"image\" \/><\/a>\n\t\t\t<\/div><\/figure>\n\t\t<\/div>\n\n<h6>\u00a9 Claudia Balsters<\/h6>\n<p><!--EndFragment--><\/p>","protected":false},"excerpt":{"rendered":"<p>N\u00e4chster Termin: 27.11.2019, 18:00 Uhr, Ludwigforum Aachen: Bretter und Licht, das inklusive Netzwerk Theaterschaffender, stellt sich vor&#8230;.. Die THEATER Werkstatt Aachen am Schauspiel K\u00f6ln! Die Mitglieder der THEATER Werkstatt Aachen waren im Fr\u00fchjahr zu Gast am Schauspiel K\u00f6ln, wo sie sich zu einem k\u00fcnstlerischen Austausch mit Ensemblemitgliedern trafen. Der Workshop war Teil des Qualifizierungsprogramms Schauspiel,&hellip;<\/p>\n","protected":false},"author":1,"featured_media":0,"parent":0,"menu_order":0,"comment_status":"closed","ping_status":"closed","template":"","meta":[],"_links":{"self":[{"href":"http:\/\/katharinaweishaupt.de\/index.php?rest_route=\/wp\/v2\/pages\/710"}],"collection":[{"href":"http:\/\/katharinaweishaupt.de\/index.php?rest_route=\/wp\/v2\/pages"}],"about":[{"href":"http:\/\/katharinaweishaupt.de\/index.php?rest_route=\/wp\/v2\/types\/page"}],"author":[{"embeddable":true,"href":"http:\/\/katharinaweishaupt.de\/index.php?rest_route=\/wp\/v2\/users\/1"}],"replies":[{"embeddable":true,"href":"http:\/\/katharinaweishaupt.de\/index.php?rest_route=%2Fwp%2Fv2%2Fcomments&post=710"}],"version-history":[{"count":26,"href":"http:\/\/katharinaweishaupt.de\/index.php?rest_route=\/wp\/v2\/pages\/710\/revisions"}],"predecessor-version":[{"id":765,"href":"http:\/\/katharinaweishaupt.de\/index.php?rest_route=\/wp\/v2\/pages\/710\/revisions\/765"}],"wp:attachment":[{"href":"http:\/\/katharinaweishaupt.de\/index.php?rest_route=%2Fwp%2Fv2%2Fmedia&parent=710"}],"curies":[{"name":"wp","href":"https:\/\/api.w.org\/{rel}","templated":true}]}}